{"id":245,"date":"2024-12-03T11:37:09","date_gmt":"2024-12-03T10:37:09","guid":{"rendered":"https:\/\/eraiki-funtsa.eus\/?page_id=245"},"modified":"2026-02-25T10:41:44","modified_gmt":"2026-02-25T09:41:44","slug":"projets","status":"publish","type":"page","link":"https:\/\/eraiki-funtsa.eus\/fr\/projets\/","title":{"rendered":"Les projets"},"content":{"rendered":"\n<p><br>Tous les projets soutenus par Eraiki ont pour objectif d\u2019\u00eatre des outils au service d\u2019un \u00e9cosyst\u00e8me associatif local et global agissant dans les secteurs de la r\u00e9appropriation de la langue, culture et histoire du Pays Basque, de&nbsp; l\u2019\u00e9conomie, l\u2019\u00e9cologie, du climat, de la lutte contre l\u2019exclusion et les discriminations, pour l\u2019\u00e9galit\u00e9 des genres, et dans les domaines de la solidarit\u00e9, de l\u2019\u00e9ducation populaire et de l\u2019acc\u00e8s aux droits. <\/p>\n\n\n\n<p>Le Fonds de dotation Eraiki garantit d\u00e9finitivement la nature de \u201ccommuns\u201d des locaux et b\u00e2timents dont il est propri\u00e9taire.<\/p>\n\n\n\n<p><\/p>\n\n\n\n<div class=\"wp-block-group alignfull has-accent-2-background-color has-background is-layout-flow wp-block-group-is-layout-flow\" style=\"margin-top:0;margin-bottom:0;padding-top:var(--wp--preset--spacing--30);padding-right:var(--wp--preset--spacing--50);padding-bottom:var(--wp--preset--spacing--30);padding-left:var(--wp--preset--spacing--50)\">\n<h2 class=\"wp-block-heading\">Le Patxoki Berria \u00e0 Bayonne <\/h2>\n\n\n\n<p><strong>(finalisation des travaux pr\u00e9vues pour 2027)&nbsp;<\/strong><\/p>\n\n\n\n<div class=\"wp-block-columns alignwide is-layout-flex wp-container-core-columns-is-layout-7456c446 wp-block-columns-is-layout-flex\">\n<div class=\"wp-block-column has-global-padding is-layout-constrained wp-block-column-is-layout-constrained\" style=\"--col-width:40%;flex-basis:40%\">\n<figure class=\"wp-block-image size-full is-style-rounded is-style-rounded--1\"><img loading=\"lazy\" decoding=\"async\" width=\"2560\" height=\"1440\" src=\"https:\/\/eraiki-funtsa.eus\/wp-content\/uploads\/2024\/11\/Facade-Patxoki-Berria-Projet-scaled.jpg\" alt=\"\" class=\"wp-image-216\" style=\"aspect-ratio:9\/16;object-fit:cover\" srcset=\"https:\/\/eraiki-funtsa.eus\/wp-content\/uploads\/2024\/11\/Facade-Patxoki-Berria-Projet-scaled.jpg 2560w, https:\/\/eraiki-funtsa.eus\/wp-content\/uploads\/2024\/11\/Facade-Patxoki-Berria-Projet-300x169.jpg 300w, https:\/\/eraiki-funtsa.eus\/wp-content\/uploads\/2024\/11\/Facade-Patxoki-Berria-Projet-1024x576.jpg 1024w, https:\/\/eraiki-funtsa.eus\/wp-content\/uploads\/2024\/11\/Facade-Patxoki-Berria-Projet-768x432.jpg 768w, https:\/\/eraiki-funtsa.eus\/wp-content\/uploads\/2024\/11\/Facade-Patxoki-Berria-Projet-1536x864.jpg 1536w, https:\/\/eraiki-funtsa.eus\/wp-content\/uploads\/2024\/11\/Facade-Patxoki-Berria-Projet-2048x1152.jpg 2048w\" sizes=\"auto, (max-width: 2560px) 100vw, 2560px\" \/><\/figure>\n<\/div>\n\n\n\n<div class=\"wp-block-column is-layout-flow wp-container-core-column-is-layout-119bc444 wp-block-column-is-layout-flow\" style=\"--col-width:60%;flex-basis:60%\">\n<div class=\"wp-block-columns is-layout-flex wp-container-core-columns-is-layout-adf2eb3b wp-block-columns-is-layout-flex\">\n<div class=\"wp-block-column is-layout-flow wp-block-column-is-layout-flow\">\n<p class=\"wp-container-content-9cfa9a5a\">Port\u00e9 par Eraiki, en partenariat avec le COL, la Fondation Manu Robles-Arangiz et la mairie de Bayonne, le nouveau Patxoki offrira un lieu de rencontres convivial et point d\u2019ancrage populaire ouvrant sur la place Patxa, des locaux inter-associatifs au service de la m\u00e9tamorphose \u00e9cologique et sociale d\u2019Iparralde ainsi que du travail et de la formation sur la culture et l\u2019histoire du Pays Basque, des logements sociaux participatifs et un centre d\u2019h\u00e9bergement collectif et solidaire.<\/p>\n\n\n\n<p class=\"wp-container-content-9cfa9a5a\">Il sera un outil majeur pour les prochaines d\u00e9cennies, pour la mutualisation et le changement d\u2019\u00e9chelle des alternatives concr\u00e8tes du territoire.<\/p>\n<\/div>\n<\/div>\n\n\n\n<figure class=\"wp-block-image alignwide size-full is-style-rounded is-style-rounded--2\"><img loading=\"lazy\" decoding=\"async\" width=\"2560\" height=\"1440\" src=\"http:\/\/eraiki-funtsa.eus\/wp-content\/uploads\/2024\/11\/Patxoki-Berria-Projet-Bar-Concert-1-scaled.jpg\" alt=\"\" class=\"wp-image-226\" srcset=\"https:\/\/eraiki-funtsa.eus\/wp-content\/uploads\/2024\/11\/Patxoki-Berria-Projet-Bar-Concert-1-scaled.jpg 2560w, https:\/\/eraiki-funtsa.eus\/wp-content\/uploads\/2024\/11\/Patxoki-Berria-Projet-Bar-Concert-1-300x169.jpg 300w, https:\/\/eraiki-funtsa.eus\/wp-content\/uploads\/2024\/11\/Patxoki-Berria-Projet-Bar-Concert-1-1024x576.jpg 1024w, https:\/\/eraiki-funtsa.eus\/wp-content\/uploads\/2024\/11\/Patxoki-Berria-Projet-Bar-Concert-1-768x432.jpg 768w, https:\/\/eraiki-funtsa.eus\/wp-content\/uploads\/2024\/11\/Patxoki-Berria-Projet-Bar-Concert-1-1536x864.jpg 1536w, https:\/\/eraiki-funtsa.eus\/wp-content\/uploads\/2024\/11\/Patxoki-Berria-Projet-Bar-Concert-1-2048x1152.jpg 2048w\" sizes=\"auto, (max-width: 2560px) 100vw, 2560px\" \/><\/figure>\n<\/div>\n<\/div>\n\n\n\n<p><\/p>\n\n\n\n<p>Ce v\u00e9ritable p\u00f4le territorial de coop\u00e9ration \u00e9co-social comportera :<\/p>\n\n\n\n<p>\u2022 un restaurant ouvrier, caf\u00e9 associatif et repair caf\u00e9 au service des habitants.<\/p>\n\n\n\n<p>\u2022 des bureaux et une grande salle multi-usages (assembl\u00e9es g\u00e9n\u00e9rales et conf\u00e9rences de 180 personnes assises et bureaux et espaces de coworking la journ\u00e9e),<\/p>\n\n\n\n<p>\u2022 une coop\u00e9rative d\u2019habitants avec 8 logements sociaux innovants et inclusifs,<\/p>\n\n\n\n<p>\u2022 un espace d\u2019h\u00e9bergement collectif et transitoire permettant l\u2019h\u00e9bergement solidaire et l\u2019accueil de groupes.<\/p>\n\n\n\n<p>Port\u00e9 par le COL, les logements seront accessibles aux personnes \u00e0 faibles revenus en SCIAPP (location-accession) et anti-sp\u00e9culatif&nbsp; gr\u00e2ce au m\u00e9canisme du BRS ( dissociation du b\u00e2ti et du foncier, et impossibilit\u00e9 de culbute sp\u00e9culative en cas de revente, revente uniquement possible \u00e0 d\u2019autres personnes ayant droit \u00e0 un logement social)). Ce projet symbolise la volont\u00e9 de produire du logement pour pouvoir vivre et se loger au pays sans artificialiser de nouveaux sols, en construisant \u201cde la ville sur de la ville\u201d.<\/p>\n\n\n\n<p>La d\u00e9molition du b\u00e2ti actuel sera assur\u00e9e par la coop\u00e9rative Patxa\u2019ma, sp\u00e9cialis\u00e9e dans le r\u00e9emploi de mat\u00e9riaux issus de la d\u00e9construction, et l\u2019ameublement de l&rsquo;int\u00e9rieur sera issu du r\u00e9emploi et de la r\u00e9habilitation.<\/p>\n<\/div>\n\n\n\n<div class=\"wp-block-cover alignfull is-light has-parallax\" style=\"padding-top:var(--wp--preset--spacing--50);padding-right:var(--wp--preset--spacing--50);padding-bottom:var(--wp--preset--spacing--50);padding-left:var(--wp--preset--spacing--50);min-height:100vh;aspect-ratio:unset;\"><div class=\"wp-block-cover__image-background wp-image-224 has-parallax\" style=\"background-position:50% 50%;background-image:url(http:\/\/eraiki-funtsa.eus\/wp-content\/uploads\/2024\/11\/Patxoki-berria-projet-2027-scaled.jpg)\"><\/div><span aria-hidden=\"true\" class=\"wp-block-cover__background has-base-background-color has-background-dim-0 has-background-dim\"><\/span><div class=\"wp-block-cover__inner-container has-global-padding is-layout-constrained wp-container-core-cover-is-layout-e4fd886c wp-block-cover-is-layout-constrained\">\n<div style=\"height:80px\" aria-hidden=\"true\" class=\"wp-block-spacer\"><\/div>\n<\/div><\/div>\n\n\n\n<div class=\"wp-block-group alignfull has-accent-2-background-color has-background is-layout-flow wp-block-group-is-layout-flow\" style=\"margin-top:0;margin-bottom:0;padding-top:var(--wp--preset--spacing--30);padding-right:var(--wp--preset--spacing--50);padding-bottom:var(--wp--preset--spacing--30);padding-left:var(--wp--preset--spacing--50)\">\n<h2 class=\"wp-block-heading\">La Maison Robles-Arangiz \u00e0 Briscous<\/h2>\n\n\n\n<div class=\"wp-block-columns alignwide is-layout-flex wp-container-core-columns-is-layout-d0b3c9c8 wp-block-columns-is-layout-flex\">\n<div class=\"wp-block-column is-layout-flow wp-block-column-is-layout-flow\" style=\"--col-width:40%;flex-basis:40%\">\n<figure class=\"wp-block-image size-full is-style-rounded is-style-rounded--3\"><img loading=\"lazy\" decoding=\"async\" width=\"2560\" height=\"1920\" src=\"http:\/\/eraiki-funtsa.eus\/wp-content\/uploads\/2024\/11\/AG-Eraiki-Robles-Aragiz-Etxea-10-scaled.jpg\" alt=\"\" class=\"wp-image-286\" srcset=\"https:\/\/eraiki-funtsa.eus\/wp-content\/uploads\/2024\/11\/AG-Eraiki-Robles-Aragiz-Etxea-10-scaled.jpg 2560w, https:\/\/eraiki-funtsa.eus\/wp-content\/uploads\/2024\/11\/AG-Eraiki-Robles-Aragiz-Etxea-10-300x225.jpg 300w\" sizes=\"auto, (max-width: 2560px) 100vw, 2560px\" \/><\/figure>\n<\/div>\n\n\n\n<div class=\"wp-block-column is-layout-flow wp-block-column-is-layout-flow\" style=\"--col-width:60%;flex-basis:60%\">\n<p>La maison Leku Eder situ\u00e9e \u00e0 Briscous a \u00e9t\u00e9 le foyer de la famille de Manu Robles Arangiz, l&rsquo;un des fondateurs d\u2019ELA, lorsque, exil\u00e9e suite au coup d\u2019Etat franquiste, elle s&rsquo;est install\u00e9e en Iparralde. Charg\u00e9e d&rsquo;histoire, elle a \u00e9t\u00e9 un lieu d&rsquo;accueil et de r\u00e9sistance lors de la 2\u00e8me guerre mondiale, puis une auberge r\u00e9put\u00e9e fr\u00e9quent\u00e9e par de nombreuses personnalit\u00e9s, et a vu grandir plusieurs figures du milieu artistique et culturel basque.<\/p>\n\n\n\n<p>Refusant de voir leur maison risquer de se retrouver un jour sur le march\u00e9 sp\u00e9culatif et souhaitant qu\u2019elle serve l\u2019int\u00e9r\u00eat g\u00e9n\u00e9ral et la construction d\u2019un Pays Basque plus libre et solidaire, les h\u00e9ritiers de Manu Robles Arangiz l\u2019ont l\u00e9gu\u00e9e en 2024.<\/p>\n\n\n\n<p>Cette maison sera am\u00e9nag\u00e9e, suite \u00e0 d\u2019importants travaux de r\u00e9novation, en centre permanent de r\u00e9unions et de formation aux portes de Bayonne. Elle est donc appel\u00e9e \u00e0 devenir un lieu strat\u00e9gique de formation et transmission militante et associative, de r\u00e9flexion et de recherche..<\/p>\n\n\n\n<p>Ce centre, \u00e9quip\u00e9 de dortoirs, cuisines et sanitaires collectifs, bureaux et salles de r\u00e9unions, pourra accueillir des groupes pour des sessions de travail \u00e0 la journ\u00e9e ou sur des p\u00e9riodes plus longues et offrira en outre des espaces logistiques (cr\u00e9ation de mat\u00e9riel, stockage, archivage).&nbsp;<\/p>\n<\/div>\n<\/div>\n<\/div>\n\n\n\n<div class=\"wp-block-group alignfull wp-embed-aspect-4-3 wp-has-aspect-ratio has-base-color has-contrast-background-color has-text-color has-background has-global-padding is-layout-constrained wp-container-core-group-is-layout-6066dd08 wp-block-group-is-layout-constrained\" style=\"margin-top:0;margin-bottom:0;padding-top:var(--wp--preset--spacing--30);padding-right:var(--wp--preset--spacing--40);padding-bottom:var(--wp--preset--spacing--30);padding-left:var(--wp--preset--spacing--40)\">\n<div class=\"wp-block-group has-global-padding is-layout-constrained wp-block-group-is-layout-constrained\">\n<p class=\"has-text-align-center has-base-color has-text-color has-heading-font-family has-x-large-font-size\" style=\"line-height:1.2\"><em>\u00ab&nbsp;T\u00e9moignage&nbsp;\u00bb<\/em><\/p>\n\n\n\n<div class=\"wp-block-group is-vertical is-content-justification-center is-nowrap is-layout-flex wp-container-core-group-is-layout-2dc08cea wp-block-group-is-layout-flex\">\n<figure class=\"wp-block-image aligncenter size-full is-resized has-custom-border\"><img loading=\"lazy\" decoding=\"async\" width=\"293\" height=\"514\" src=\"https:\/\/eraiki-funtsa.eus\/wp-content\/uploads\/2024\/12\/Iker-Robles-Arangiz.jpeg\" alt=\"\" class=\"wp-image-1133\" style=\"border-radius:100px;aspect-ratio:3\/4;object-fit:cover;width:125px;height:auto\" srcset=\"https:\/\/eraiki-funtsa.eus\/wp-content\/uploads\/2024\/12\/Iker-Robles-Arangiz.jpeg 293w, https:\/\/eraiki-funtsa.eus\/wp-content\/uploads\/2024\/12\/Iker-Robles-Arangiz-171x300.jpeg 171w\" sizes=\"auto, (max-width: 293px) 100vw, 293px\" \/><\/figure>\n\n\n\n<p class=\"has-text-align-center\" style=\"margin-top:var(--wp--preset--spacing--10);margin-bottom:0\">Iker Robles-Arangiz<\/p>\n\n\n\n<p class=\"has-text-align-center has-contrast-3-color has-text-color has-small-font-size\" style=\"font-style:normal;font-weight:300\">\u201cMes parents puis mes fr\u00e8res et soeurs ont entretenu \u00e0 Leku Eder un refuge de r\u00e9sistance, d\u2019espoir et de culture. Apr\u00e8s leur disparition, nous ne pouvions imaginer abandonner le lieu \u00e0 la sp\u00e9culation immobili\u00e8re. Transmettre \u00e0 Eraiki c\u2019est faire vivre notre engagement, nos valeurs et assurer une continuit\u00e9\u00a0\u00bb<\/p>\n<\/div>\n<\/div>\n<\/div>\n\n\n\n<div class=\"wp-block-cover alignfull is-light has-parallax\" style=\"margin-top:0;margin-bottom:0;padding-top:var(--wp--preset--spacing--50);padding-right:var(--wp--preset--spacing--50);padding-bottom:var(--wp--preset--spacing--50);padding-left:var(--wp--preset--spacing--50);min-height:100vh;aspect-ratio:unset;\"><div class=\"wp-block-cover__image-background wp-image-305 has-parallax\" style=\"background-position:50% 50%;background-image:url(http:\/\/eraiki-funtsa.eus\/wp-content\/uploads\/2024\/11\/Roblez-Arangiz-etxea-scaled.jpg)\"><\/div><span aria-hidden=\"true\" class=\"wp-block-cover__background has-base-background-color has-background-dim-0 has-background-dim\"><\/span><div class=\"wp-block-cover__inner-container has-global-padding is-layout-constrained wp-container-core-cover-is-layout-fdf6a232 wp-block-cover-is-layout-constrained\">\n<p class=\"has-text-align-center has-large-font-size\"><\/p>\n<\/div><\/div>\n\n\n\n<figure class=\"wp-block-embed is-type-video is-provider-youtube wp-block-embed-youtube wp-embed-aspect-16-9 wp-has-aspect-ratio\"><div class=\"wp-block-embed__wrapper\">\n<iframe loading=\"lazy\" title=\"EITB.eus Manu Robles Arangiz Etxea 2025\" width=\"500\" height=\"281\" src=\"https:\/\/www.youtube.com\/embed\/DF402NZA2jU?feature=oembed\" frameborder=\"0\" allow=\"accelerometer; autoplay; clipboard-write; encrypted-media; gyroscope; picture-in-picture; web-share\" referrerpolicy=\"strict-origin-when-cross-origin\" allowfullscreen><\/iframe>\n<\/div><\/figure>\n\n\n\n<p>Ce projet est soutenu par Non-Violence XXI. <\/p>\n\n\n\n<p>Non-Violence XXI est une association fran\u00e7aise qui collecte des dons et des legs depuis 2001 dans le but de financer des projets \u00e0 caract\u00e8re non-violent et de promouvoir concr\u00e8tement la culture de la non-violence au XXIe si\u00e8cle en France et dans le monde. Elle regroupe aujourd\u2019hui les principales organisations non-violentes fran\u00e7aises. <a href=\"https:\/\/nonviolence21.org\/\">https:\/\/nonviolence21.org\/<\/a><\/p>\n\n\n\n<figure class=\"wp-block-image size-large is-resized\"><img loading=\"lazy\" decoding=\"async\" width=\"1024\" height=\"653\" src=\"https:\/\/eraiki-funtsa.eus\/wp-content\/uploads\/2026\/02\/Logo-fondation-NV-XXI-1024x653.png\" alt=\"\" class=\"wp-image-2317\" style=\"aspect-ratio:1.5681645649006686;width:160px;height:auto\" srcset=\"https:\/\/eraiki-funtsa.eus\/wp-content\/uploads\/2026\/02\/Logo-fondation-NV-XXI-1024x653.png 1024w, https:\/\/eraiki-funtsa.eus\/wp-content\/uploads\/2026\/02\/Logo-fondation-NV-XXI-300x191.png 300w, https:\/\/eraiki-funtsa.eus\/wp-content\/uploads\/2026\/02\/Logo-fondation-NV-XXI-768x489.png 768w, https:\/\/eraiki-funtsa.eus\/wp-content\/uploads\/2026\/02\/Logo-fondation-NV-XXI-1536x979.png 1536w, https:\/\/eraiki-funtsa.eus\/wp-content\/uploads\/2026\/02\/Logo-fondation-NV-XXI-2048x1305.png 2048w\" sizes=\"auto, (max-width: 1024px) 100vw, 1024px\" \/><\/figure>\n\n\n\n<p><\/p>\n","protected":false},"excerpt":{"rendered":"<p>Tous les projets soutenus par Eraiki ont pour objectif d\u2019\u00eatre des outils au service d\u2019un \u00e9cosyst\u00e8me associatif local et global agissant dans les secteurs de la r\u00e9appropriation de la langue, culture et histoire du Pays Basque, de&nbsp; l\u2019\u00e9conomie, l\u2019\u00e9cologie, du climat, de la lutte contre l\u2019exclusion et les discriminations, pour l\u2019\u00e9galit\u00e9 des genres, et dans [&hellip;]<\/p>\n","protected":false},"author":1,"featured_media":0,"parent":0,"menu_order":0,"comment_status":"closed","ping_status":"closed","template":"","meta":{"_monsterinsights_skip_tracking":false,"_monsterinsights_sitenote_active":false,"_monsterinsights_sitenote_note":"","_monsterinsights_sitenote_category":0,"footnotes":""},"class_list":["post-245","page","type-page","status-publish","hentry"],"pbg_featured_image_src":{"full":false,"thumbnail":false,"medium":false,"medium_large":false,"large":false,"1536x1536":false,"2048x2048":false},"pbg_author_info":{"display_name":"Admin","author_link":"https:\/\/eraiki-funtsa.eus\/fr\/author\/admin9569\/","author_img":"<img alt='Admin' src='https:\/\/secure.gravatar.com\/avatar\/58adf6f62c75960ca932413a2575018bb70aa75ee0eecb71c7c993ef17bfdba2?s=128&#038;d=mm&#038;r=g' srcset='https:\/\/secure.gravatar.com\/avatar\/58adf6f62c75960ca932413a2575018bb70aa75ee0eecb71c7c993ef17bfdba2?s=256&#038;d=mm&#038;r=g 2x' class='avatar avatar-128 photo' height='128' width='128' loading='lazy' decoding='async'\/>"},"pbg_comment_info":" No Comments","pbg_excerpt":"Tous les projets soutenus par Eraiki ont pour objectif d\u2019\u00eatre des outils au service d\u2019un \u00e9cosyst\u00e8me associatif local et global agissant dans les secteurs de la r\u00e9appropriation de la langue, culture et histoire du Pays Basque, de&nbsp; l\u2019\u00e9conomie, l\u2019\u00e9cologie, du climat, de la lutte contre l\u2019exclusion et les discriminations, pour l\u2019\u00e9galit\u00e9 des genres, et dans\u2026","_links":{"self":[{"href":"https:\/\/eraiki-funtsa.eus\/fr\/wp-json\/wp\/v2\/pages\/245","targetHints":{"allow":["GET"]}}],"collection":[{"href":"https:\/\/eraiki-funtsa.eus\/fr\/wp-json\/wp\/v2\/pages"}],"about":[{"href":"https:\/\/eraiki-funtsa.eus\/fr\/wp-json\/wp\/v2\/types\/page"}],"author":[{"embeddable":true,"href":"https:\/\/eraiki-funtsa.eus\/fr\/wp-json\/wp\/v2\/users\/1"}],"replies":[{"embeddable":true,"href":"https:\/\/eraiki-funtsa.eus\/fr\/wp-json\/wp\/v2\/comments?post=245"}],"version-history":[{"count":33,"href":"https:\/\/eraiki-funtsa.eus\/fr\/wp-json\/wp\/v2\/pages\/245\/revisions"}],"predecessor-version":[{"id":2335,"href":"https:\/\/eraiki-funtsa.eus\/fr\/wp-json\/wp\/v2\/pages\/245\/revisions\/2335"}],"wp:attachment":[{"href":"https:\/\/eraiki-funtsa.eus\/fr\/wp-json\/wp\/v2\/media?parent=245"}],"curies":[{"name":"wp","href":"https:\/\/api.w.org\/{rel}","templated":true}]}}