{"id":209,"date":"2024-11-26T18:47:57","date_gmt":"2024-11-26T17:47:57","guid":{"rendered":"https:\/\/eraiki-funtsa.eus\/?page_id=209"},"modified":"2025-06-10T16:01:16","modified_gmt":"2025-06-10T14:01:16","slug":"qui-sommes-nous","status":"publish","type":"page","link":"https:\/\/eraiki-funtsa.eus\/fr\/qui-sommes-nous\/","title":{"rendered":"Qui sommes-nous ?"},"content":{"rendered":"\n<div class=\"wp-block-group is-layout-flow wp-block-group-is-layout-flow\">\n<p class=\"wp-container-content-0733e5d0\">\u201cLe fonds de dotation Eraiki travaille \u00e0 la construction d\u2019un Pays Basque ma\u00eetre de son pr\u00e9sent et de son avenir, plus libre, soutenable et solidaire ; riche d\u2019une langue, culture et identit\u00e9 \u00e9panouies, ouvertes et accueillantes.<\/p>\n\n\n\n<p class=\"wp-container-content-0733e5d0\">Il a pour objet de contribuer ainsi \u00e0 la diversit\u00e9 et la r\u00e9silience du monde pour mieux relever les d\u00e9fis \u00e9cologiques, climatiques, d\u00e9mocratiques, de justice sociale et de solidarit\u00e9 internationale. Il veut aider \u00e0 mettre en place un mod\u00e8le de soci\u00e9t\u00e9 participatif ; refusant l\u2019exclusion et les discriminations ; promouvant l\u2019\u00e9galit\u00e9, l\u2019entraide, la sobri\u00e9t\u00e9 et la convivialit\u00e9 ; d\u00e9veloppant les communs ; et bas\u00e9 sur une \u00e9conomie visant l\u2019\u00e9panouissement des \u00eatres humains et le respect des limites de la plan\u00e8te.\u201d <\/p>\n\n\n\n<p class=\"wp-container-content-0733e5d0\">Extrait des statuts d\u2019Eraiki<\/p>\n<\/div>\n\n\n\n<div class=\"wp-block-cover alignfull is-light has-parallax\" style=\"padding-top:var(--wp--preset--spacing--50);padding-right:var(--wp--preset--spacing--50);padding-bottom:var(--wp--preset--spacing--50);padding-left:var(--wp--preset--spacing--50);min-height:100vh;aspect-ratio:unset;\"><div class=\"wp-block-cover__image-background wp-image-250 has-parallax\" style=\"background-position:50% 50%;background-image:url(http:\/\/eraiki-funtsa.eus\/wp-content\/uploads\/2024\/11\/AG-Eraiki-Leku-Eder-2-scaled.jpg)\"><\/div><span aria-hidden=\"true\" class=\"wp-block-cover__background has-base-background-color has-background-dim-0 has-background-dim\"><\/span><div class=\"wp-block-cover__inner-container has-global-padding is-layout-constrained wp-container-core-cover-is-layout-e4fd886c wp-block-cover-is-layout-constrained\">\n<p class=\"has-text-align-center has-large-font-size\"><\/p>\n<\/div><\/div>\n\n\n\n<h2 class=\"wp-block-heading\">Le mot du pr\u00e9sident : Xebax Christy<\/h2>\n\n\n\n<div class=\"wp-block-group alignwide has-global-padding is-layout-constrained wp-container-core-group-is-layout-481dc8fc wp-block-group-is-layout-constrained\" style=\"margin-top:0;margin-bottom:0;padding-top:0;padding-right:0;padding-bottom:0;padding-left:0\">\n<div class=\"wp-block-columns alignwide is-style-tw-overlap has-base-background-color has-background is-layout-flex wp-container-core-columns-is-layout-232b9b4f wp-block-columns-is-layout-flex\" style=\"margin-top:64px\">\n<div class=\"wp-block-column is-layout-flow wp-block-column-is-layout-flow\" style=\"--col-width:44%;flex-basis:44%\">\n<h5 class=\"wp-block-heading\" style=\"font-size:clamp(1.125rem, 1.125rem + ((1vw - 0.2rem) * 0.125), 1.2rem);\"><em><mark style=\"background-color:rgba(0, 0, 0, 0)\" class=\"has-inline-color has-accent-3-color\">\u00ab\u00a0Le Pays Basque est une terre d\u2019exp\u00e9rimentation o\u00f9 se cultivent les r\u00e9ponses aux d\u00e9fis de notre temps. Enjeux locaux ou globaux, les habitants du Pays Basque fa\u00e7onnent des outils et mobilisent les ressources collectives pour inventer un avenir libre, soutenable et solidaire.<br><br>Le fonds de dotation Eraiki s\u2019inscrit dans cette tradition basque du faire ensemble. Eraiki est un outil de s\u00e9curisation du patrimoine foncier et immobilier des associations et diverses structures. Ce fonds de dotation va garantir que ce patrimoine commun reste durablement au service de l\u2019int\u00e9r\u00eat g\u00e9n\u00e9ral, du mouvement, sans vis\u00e9e lucrative. Eraiki, en collectant des fonds et en les redistribuant au b\u00e9n\u00e9fice des projets et mouvements du Pays Basque, va aussi d\u00e9multiplier l\u2019impact et permettre de voir plus loin et plus fort.\u00a0\u00bb<\/mark><\/em><\/h5>\n<\/div>\n\n\n\n<div class=\"wp-block-column is-vertically-aligned-center is-layout-flow wp-block-column-is-layout-flow\" style=\"--col-width:56%;flex-basis:56%\">\n<figure class=\"wp-block-image aligncenter is-style-rounded is-style-rounded--1\"><img loading=\"lazy\" decoding=\"async\" width=\"1024\" height=\"766\" src=\"http:\/\/eraiki-funtsa.eus\/wp-content\/uploads\/2024\/11\/Xebax-CHRISTY-1024x766.jpg\" alt=\"\" class=\"wp-image-205\" srcset=\"https:\/\/eraiki-funtsa.eus\/wp-content\/uploads\/2024\/11\/Xebax-CHRISTY-1024x766.jpg 1024w, https:\/\/eraiki-funtsa.eus\/wp-content\/uploads\/2024\/11\/Xebax-CHRISTY-300x224.jpg 300w, https:\/\/eraiki-funtsa.eus\/wp-content\/uploads\/2024\/11\/Xebax-CHRISTY-768x574.jpg 768w, https:\/\/eraiki-funtsa.eus\/wp-content\/uploads\/2024\/11\/Xebax-CHRISTY.jpg 1280w\" sizes=\"auto, (max-width: 1024px) 100vw, 1024px\" \/><figcaption class=\"wp-element-caption\"><strong>S\u00e9bastien \u00ab\u00a0Xebax\u00a0\u00bb Christy, <\/strong>pr\u00e9sident de Eraiki<\/figcaption><\/figure>\n<\/div>\n<\/div>\n<\/div>\n\n\n\n<div class=\"wp-block-group has-global-padding is-layout-constrained wp-block-group-is-layout-constrained\" style=\"margin-top:var(--wp--preset--spacing--10);margin-bottom:var(--wp--preset--spacing--10);padding-top:var(--wp--preset--spacing--10);padding-bottom:var(--wp--preset--spacing--10)\">\n<p>Le conseil d\u2019administration est compos\u00e9 des associations et mouvements travaillant \u00e0 la construction d\u2019un Pays Basque souverain, solidaire et soutenable. Il est \u00e9paul\u00e9 par deux coll\u00e8ges : celui des alli\u00e9s (ELA, EHLG ou Euskal Moneta par exemple) et celui des sages, constitu\u00e9 de personnalit\u00e9s choisies pour leur parcours au service d\u2019Iparralde.<\/p>\n\n\n\n<p>D\u2019autre part, un comit\u00e9 consultatif compos\u00e9 d\u2019experts et de personnes qualifi\u00e9es ou disposant de comp\u00e9tences en mati\u00e8re d\u2019immobilier, de gestion ou de droit, doit donner un avis sur les d\u00e9cisions ou op\u00e9rations strat\u00e9giques, notamment lors de toute op\u00e9ration de cession ou d\u2019acquisition fonci\u00e8re.<\/p>\n<\/div>\n\n\n\n<p><strong><strong>Les membres du Conseil d\u2019Administration et du Coll\u00e8ge Ekosistema :<\/strong><\/strong><\/p>\n\n\n\n<div class=\"wp-block-group alignfull portraits has-global-padding is-layout-constrained wp-container-core-group-is-layout-2bf434fa wp-block-group-is-layout-constrained\" style=\"margin-top:0;margin-bottom:0;padding-top:var(--wp--preset--spacing--30);padding-right:var(--wp--preset--spacing--40);padding-bottom:var(--wp--preset--spacing--30);padding-left:var(--wp--preset--spacing--40)\">\n<div class=\"wp-block-columns alignwide is-layout-flex wp-container-core-columns-is-layout-da4bf79d wp-block-columns-is-layout-flex\" style=\"padding-right:0;padding-left:0\">\n<div class=\"wp-block-column is-layout-flow wp-block-column-is-layout-flow\">\n<figure class=\"wp-block-image aligncenter size-full is-style-rounded is-style-rounded--2\"><img loading=\"lazy\" decoding=\"async\" width=\"652\" height=\"780\" src=\"http:\/\/eraiki-funtsa.eus\/wp-content\/uploads\/2024\/12\/Jeremie-BUDE.jpg\" alt=\"\" class=\"wp-image-406\" style=\"aspect-ratio:1;object-fit:cover\" srcset=\"https:\/\/eraiki-funtsa.eus\/wp-content\/uploads\/2024\/12\/Jeremie-BUDE.jpg 652w, https:\/\/eraiki-funtsa.eus\/wp-content\/uploads\/2024\/12\/Jeremie-BUDE-251x300.jpg 251w\" sizes=\"auto, (max-width: 652px) 100vw, 652px\" \/><\/figure>\n\n\n\n<div class=\"wp-block-group is-vertical is-content-justification-center is-nowrap is-layout-flex wp-container-core-group-is-layout-21d4e958 wp-block-group-is-layout-flex\">\n<p class=\"has-text-align-center has-small-font-size\"><strong>J\u00e9r\u00e9mie Bude<\/strong><\/p>\n\n\n\n<p class=\"has-text-align-center has-small-font-size\">Repr\u00e9sentant de l&rsquo;association Alda<\/p>\n<\/div>\n<\/div>\n\n\n\n<div class=\"wp-block-column is-layout-flow wp-block-column-is-layout-flow\">\n<figure class=\"wp-block-image aligncenter size-full is-style-rounded is-style-rounded--3\"><img loading=\"lazy\" decoding=\"async\" width=\"1280\" height=\"957\" src=\"http:\/\/eraiki-funtsa.eus\/wp-content\/uploads\/2024\/11\/Xebax-CHRISTY.jpg\" alt=\"\" class=\"wp-image-205\" style=\"aspect-ratio:1;object-fit:cover\" srcset=\"https:\/\/eraiki-funtsa.eus\/wp-content\/uploads\/2024\/11\/Xebax-CHRISTY.jpg 1280w, https:\/\/eraiki-funtsa.eus\/wp-content\/uploads\/2024\/11\/Xebax-CHRISTY-300x224.jpg 300w, https:\/\/eraiki-funtsa.eus\/wp-content\/uploads\/2024\/11\/Xebax-CHRISTY-1024x766.jpg 1024w, https:\/\/eraiki-funtsa.eus\/wp-content\/uploads\/2024\/11\/Xebax-CHRISTY-768x574.jpg 768w\" sizes=\"auto, (max-width: 1280px) 100vw, 1280px\" \/><\/figure>\n\n\n\n<div class=\"wp-block-group is-vertical is-content-justification-center is-nowrap is-layout-flex wp-container-core-group-is-layout-63bfd6c1 wp-block-group-is-layout-flex\">\n<p class=\"has-text-align-center has-small-font-size\"><strong><strong>S\u00e9bastien \u00ab\u00a0Xebax\u00a0\u00bb Christy<\/strong><\/strong><\/p>\n\n\n\n<p class=\"has-text-align-center has-small-font-size\">Repr\u00e9sentant de la Fondation Manu Robles Arangiz<\/p>\n<\/div>\n<\/div>\n\n\n\n<div class=\"wp-block-column is-layout-flow wp-block-column-is-layout-flow\">\n<figure class=\"wp-block-image aligncenter size-full is-style-rounded is-style-rounded--4\"><img loading=\"lazy\" decoding=\"async\" width=\"2560\" height=\"1707\" src=\"http:\/\/eraiki-funtsa.eus\/wp-content\/uploads\/2024\/11\/Lilas-DINCLAUX-scaled.jpg\" alt=\"\" class=\"wp-image-288\" style=\"aspect-ratio:1;object-fit:cover\" srcset=\"https:\/\/eraiki-funtsa.eus\/wp-content\/uploads\/2024\/11\/Lilas-DINCLAUX-scaled.jpg 2560w, https:\/\/eraiki-funtsa.eus\/wp-content\/uploads\/2024\/11\/Lilas-DINCLAUX-300x200.jpg 300w, https:\/\/eraiki-funtsa.eus\/wp-content\/uploads\/2024\/11\/Lilas-DINCLAUX-1024x683.jpg 1024w, https:\/\/eraiki-funtsa.eus\/wp-content\/uploads\/2024\/11\/Lilas-DINCLAUX-768x512.jpg 768w\" sizes=\"auto, (max-width: 2560px) 100vw, 2560px\" \/><\/figure>\n\n\n\n<div class=\"wp-block-group is-vertical is-content-justification-center is-nowrap is-layout-flex wp-container-core-group-is-layout-21d4e958 wp-block-group-is-layout-flex\">\n<p class=\"has-text-align-center has-small-font-size\"><strong>Lilas Dinclaux<\/strong><\/p>\n\n\n\n<p class=\"has-text-align-center has-small-font-size\">Repr\u00e9sentante de l&rsquo;association Bizi<\/p>\n<\/div>\n<\/div>\n\n\n\n<div class=\"wp-block-column is-layout-flow wp-block-column-is-layout-flow\">\n<figure class=\"wp-block-image aligncenter size-full is-style-rounded is-style-rounded--5\"><img loading=\"lazy\" decoding=\"async\" width=\"242\" height=\"242\" src=\"https:\/\/eraiki-funtsa.eus\/wp-content\/uploads\/2024\/12\/Oihana-DRIOLLET-edited.jpg\" alt=\"\" class=\"wp-image-1146\" style=\"aspect-ratio:1;object-fit:cover\" srcset=\"https:\/\/eraiki-funtsa.eus\/wp-content\/uploads\/2024\/12\/Oihana-DRIOLLET-edited.jpg 242w, https:\/\/eraiki-funtsa.eus\/wp-content\/uploads\/2024\/12\/Oihana-DRIOLLET-edited-150x150.jpg 150w\" sizes=\"auto, (max-width: 242px) 100vw, 242px\" \/><\/figure>\n\n\n\n<div class=\"wp-block-group is-vertical is-content-justification-center is-nowrap is-layout-flex wp-container-core-group-is-layout-21d4e958 wp-block-group-is-layout-flex\">\n<p class=\"has-text-align-center has-small-font-size\"><strong>Oihana Driollet<\/strong><\/p>\n\n\n\n<p class=\"has-text-align-center has-small-font-size\">Repr\u00e9sentante de l&rsquo;association Hariztia<\/p>\n<\/div>\n<\/div>\n<\/div>\n\n\n\n<div class=\"wp-block-columns alignwide is-layout-flex wp-container-core-columns-is-layout-da4bf79d wp-block-columns-is-layout-flex\" style=\"padding-right:0;padding-left:0\">\n<div class=\"wp-block-column is-layout-flow wp-block-column-is-layout-flow\">\n<figure class=\"wp-block-image aligncenter size-full is-resized is-style-rounded is-style-rounded--6\"><img loading=\"lazy\" decoding=\"async\" width=\"575\" height=\"718\" src=\"https:\/\/eraiki-funtsa.eus\/wp-content\/uploads\/2024\/11\/Antton-HARINORDOKI.jpg\" alt=\"\" class=\"wp-image-234\" style=\"aspect-ratio:1;object-fit:cover;width:222px;height:auto\" srcset=\"https:\/\/eraiki-funtsa.eus\/wp-content\/uploads\/2024\/11\/Antton-HARINORDOKI.jpg 575w, https:\/\/eraiki-funtsa.eus\/wp-content\/uploads\/2024\/11\/Antton-HARINORDOKI-240x300.jpg 240w\" sizes=\"auto, (max-width: 575px) 100vw, 575px\" \/><\/figure>\n\n\n\n<div class=\"wp-block-group is-vertical is-content-justification-center is-nowrap is-layout-flex wp-container-core-group-is-layout-63bfd6c1 wp-block-group-is-layout-flex\">\n<p class=\"has-text-align-center has-small-font-size\"><strong><strong>Antton Harignordoquy<\/strong><\/strong><\/p>\n\n\n\n<p class=\"has-text-align-center has-small-font-size\">Repr\u00e9sentant de la Fondation Manu Robles Arangiz<\/p>\n<\/div>\n<\/div>\n\n\n\n<div class=\"wp-block-column is-layout-flow wp-block-column-is-layout-flow\">\n<figure class=\"wp-block-image aligncenter size-full is-resized is-style-rounded is-style-rounded--7\"><img loading=\"lazy\" decoding=\"async\" width=\"1783\" height=\"2560\" src=\"http:\/\/eraiki-funtsa.eus\/wp-content\/uploads\/2024\/11\/Xabier-HARLOUCHET.jpg\" alt=\"\" class=\"wp-image-302\" style=\"aspect-ratio:1;object-fit:cover;width:199px;height:auto\" srcset=\"https:\/\/eraiki-funtsa.eus\/wp-content\/uploads\/2024\/11\/Xabier-HARLOUCHET.jpg 1783w, https:\/\/eraiki-funtsa.eus\/wp-content\/uploads\/2024\/11\/Xabier-HARLOUCHET-209x300.jpg 209w, https:\/\/eraiki-funtsa.eus\/wp-content\/uploads\/2024\/11\/Xabier-HARLOUCHET-713x1024.jpg 713w, https:\/\/eraiki-funtsa.eus\/wp-content\/uploads\/2024\/11\/Xabier-HARLOUCHET-768x1103.jpg 768w, https:\/\/eraiki-funtsa.eus\/wp-content\/uploads\/2024\/11\/Xabier-HARLOUCHET-1070x1536.jpg 1070w, https:\/\/eraiki-funtsa.eus\/wp-content\/uploads\/2024\/11\/Xabier-HARLOUCHET-1426x2048.jpg 1426w\" sizes=\"auto, (max-width: 1783px) 100vw, 1783px\" \/><\/figure>\n\n\n\n<div class=\"wp-block-group is-vertical is-content-justification-center is-nowrap is-layout-flex wp-container-core-group-is-layout-63bfd6c1 wp-block-group-is-layout-flex\">\n<p class=\"has-text-align-center has-small-font-size\"><strong>Xabier Harlouchet<\/strong><\/p>\n\n\n\n<p class=\"has-text-align-center has-small-font-size\">Repr\u00e9sentant de l&rsquo;association Enbata<\/p>\n<\/div>\n<\/div>\n\n\n\n<div class=\"wp-block-column is-layout-flow wp-block-column-is-layout-flow\">\n<figure class=\"wp-block-image aligncenter size-large is-resized is-style-rounded is-style-rounded--8\"><img loading=\"lazy\" decoding=\"async\" width=\"200\" height=\"200\" src=\"https:\/\/eraiki-funtsa.eus\/wp-content\/uploads\/2024\/12\/Anne-LACOUTURE.jpg\" alt=\"\" class=\"wp-image-402\" style=\"object-fit:cover;width:201px;height:auto\" srcset=\"https:\/\/eraiki-funtsa.eus\/wp-content\/uploads\/2024\/12\/Anne-LACOUTURE.jpg 200w, https:\/\/eraiki-funtsa.eus\/wp-content\/uploads\/2024\/12\/Anne-LACOUTURE-150x150.jpg 150w\" sizes=\"auto, (max-width: 200px) 100vw, 200px\" \/><\/figure>\n\n\n\n<div class=\"wp-block-group is-vertical is-content-justification-center is-nowrap is-layout-flex wp-container-core-group-is-layout-21d4e958 wp-block-group-is-layout-flex\">\n<p class=\"has-text-align-center has-small-font-size\"><strong>Anne Lacouture <\/strong><\/p>\n\n\n\n<p class=\"has-text-align-center has-small-font-size\">Repr\u00e9sentante de la Fondation Manu Robles Arangiz<\/p>\n<\/div>\n<\/div>\n\n\n\n<div class=\"wp-block-column is-layout-flow wp-block-column-is-layout-flow\">\n<div class=\"wp-block-group has-global-padding is-layout-constrained wp-block-group-is-layout-constrained\">\n<div class=\"wp-block-group is-vertical is-content-justification-center is-nowrap is-layout-flex wp-container-core-group-is-layout-63bfd6c1 wp-block-group-is-layout-flex\">\n<div class=\"wp-block-columns is-layout-flex wp-container-core-columns-is-layout-d0b3c9c8 wp-block-columns-is-layout-flex\">\n<div class=\"wp-block-column is-layout-flow wp-block-column-is-layout-flow\" style=\"--col-width:100%;flex-basis:100%\">\n<figure class=\"wp-block-image size-large is-style-rounded tw-width-100 is-style-rounded--9\"><img loading=\"lazy\" decoding=\"async\" width=\"283\" height=\"294\" src=\"https:\/\/eraiki-funtsa.eus\/wp-content\/uploads\/2025\/06\/alternatiba_yannick-V2.jpg\" alt=\"\" class=\"wp-image-1687\" style=\"aspect-ratio:1;object-fit:cover\"\/><\/figure>\n<\/div>\n<\/div>\n\n\n\n<div class=\"wp-block-group is-nowrap is-layout-flex wp-container-core-group-is-layout-6c531013 wp-block-group-is-layout-flex\"><\/div>\n<\/div>\n<\/div>\n\n\n\n<div class=\"wp-block-group has-global-padding is-layout-constrained wp-container-core-group-is-layout-52a2d64f wp-block-group-is-layout-constrained\">\n<p class=\"has-text-align-center has-small-font-size\"><strong>Yannick Montaulieu<\/strong><\/p>\n\n\n\n<p class=\"has-text-align-center has-small-font-size\">Repr\u00e9sentant de l&rsquo;association Bizi<\/p>\n<\/div>\n<\/div>\n<\/div>\n\n\n\n<div class=\"wp-block-columns alignwide is-layout-flex wp-container-core-columns-is-layout-da4bf79d wp-block-columns-is-layout-flex\" style=\"padding-right:0;padding-left:0\">\n<div class=\"wp-block-column is-layout-flow wp-block-column-is-layout-flow\">\n<figure class=\"wp-block-image aligncenter size-full is-style-rounded is-style-rounded--10\"><img loading=\"lazy\" decoding=\"async\" width=\"1280\" height=\"853\" src=\"http:\/\/eraiki-funtsa.eus\/wp-content\/uploads\/2024\/12\/Malika-PEYRAUT.jpg\" alt=\"\" class=\"wp-image-410\" style=\"aspect-ratio:1;object-fit:cover\" srcset=\"https:\/\/eraiki-funtsa.eus\/wp-content\/uploads\/2024\/12\/Malika-PEYRAUT.jpg 1280w, https:\/\/eraiki-funtsa.eus\/wp-content\/uploads\/2024\/12\/Malika-PEYRAUT-300x200.jpg 300w, https:\/\/eraiki-funtsa.eus\/wp-content\/uploads\/2024\/12\/Malika-PEYRAUT-1024x682.jpg 1024w, https:\/\/eraiki-funtsa.eus\/wp-content\/uploads\/2024\/12\/Malika-PEYRAUT-768x512.jpg 768w\" sizes=\"auto, (max-width: 1280px) 100vw, 1280px\" \/><\/figure>\n\n\n\n<div class=\"wp-block-group is-vertical is-content-justification-center is-nowrap is-layout-flex wp-container-core-group-is-layout-21d4e958 wp-block-group-is-layout-flex\">\n<p class=\"has-text-align-center has-small-font-size\"><strong>Malika Peyraut<\/strong><\/p>\n\n\n\n<p class=\"has-text-align-center has-small-font-size\">Repr\u00e9sentante de l&rsquo;association Alda<\/p>\n<\/div>\n<\/div>\n\n\n\n<div class=\"wp-block-column is-layout-flow wp-block-column-is-layout-flow\">\n<figure class=\"wp-block-image aligncenter size-full is-style-rounded is-style-rounded--11\"><img loading=\"lazy\" decoding=\"async\" width=\"604\" height=\"790\" src=\"http:\/\/eraiki-funtsa.eus\/wp-content\/uploads\/2024\/11\/Laure-TEZIER.jpg\" alt=\"\" class=\"wp-image-284\" style=\"aspect-ratio:1;object-fit:cover\" srcset=\"https:\/\/eraiki-funtsa.eus\/wp-content\/uploads\/2024\/11\/Laure-TEZIER.jpg 604w, https:\/\/eraiki-funtsa.eus\/wp-content\/uploads\/2024\/11\/Laure-TEZIER-229x300.jpg 229w\" sizes=\"auto, (max-width: 604px) 100vw, 604px\" \/><\/figure>\n\n\n\n<div class=\"wp-block-group is-vertical is-content-justification-center is-nowrap is-layout-flex wp-container-core-group-is-layout-63bfd6c1 wp-block-group-is-layout-flex\">\n<p class=\"has-text-align-center has-small-font-size\"><strong><strong>Laure Tezier<\/strong><\/strong><\/p>\n\n\n\n<p class=\"has-text-align-center has-small-font-size\">Repr\u00e9sentante de l&rsquo;association Alda<\/p>\n<\/div>\n<\/div>\n\n\n\n<div class=\"wp-block-column is-layout-flow wp-block-column-is-layout-flow\">\n<figure class=\"wp-block-image aligncenter size-full is-style-rounded is-style-rounded--12\"><img loading=\"lazy\" decoding=\"async\" width=\"2560\" height=\"1707\" src=\"http:\/\/eraiki-funtsa.eus\/wp-content\/uploads\/2024\/11\/Elouan-TRICHARD-4-scaled.jpg\" alt=\"\" class=\"wp-image-256\" style=\"aspect-ratio:1;object-fit:cover\" srcset=\"https:\/\/eraiki-funtsa.eus\/wp-content\/uploads\/2024\/11\/Elouan-TRICHARD-4-scaled.jpg 2560w, https:\/\/eraiki-funtsa.eus\/wp-content\/uploads\/2024\/11\/Elouan-TRICHARD-4-300x200.jpg 300w, https:\/\/eraiki-funtsa.eus\/wp-content\/uploads\/2024\/11\/Elouan-TRICHARD-4-1024x683.jpg 1024w\" sizes=\"auto, (max-width: 2560px) 100vw, 2560px\" \/><\/figure>\n\n\n\n<div class=\"wp-block-group is-vertical is-content-justification-center is-nowrap is-layout-flex wp-container-core-group-is-layout-63bfd6c1 wp-block-group-is-layout-flex\">\n<p class=\"has-text-align-center has-small-font-size\"><strong>Elouan Trichard<\/strong><\/p>\n\n\n\n<p class=\"has-text-align-center has-small-font-size\">Repr\u00e9sentant de l&rsquo;association Bizi<br><\/p>\n<\/div>\n<\/div>\n\n\n\n<div class=\"wp-block-column is-layout-flow wp-block-column-is-layout-flow\">\n<figure class=\"wp-block-image aligncenter size-full is-style-rounded is-style-rounded--13\"><img loading=\"lazy\" decoding=\"async\" width=\"960\" height=\"1280\" src=\"http:\/\/eraiki-funtsa.eus\/wp-content\/uploads\/2024\/12\/Laurent-VETTOREL.jpg\" alt=\"\" class=\"wp-image-408\" style=\"aspect-ratio:1;object-fit:cover\" srcset=\"https:\/\/eraiki-funtsa.eus\/wp-content\/uploads\/2024\/12\/Laurent-VETTOREL.jpg 960w, https:\/\/eraiki-funtsa.eus\/wp-content\/uploads\/2024\/12\/Laurent-VETTOREL-225x300.jpg 225w, https:\/\/eraiki-funtsa.eus\/wp-content\/uploads\/2024\/12\/Laurent-VETTOREL-768x1024.jpg 768w\" sizes=\"auto, (max-width: 960px) 100vw, 960px\" \/><\/figure>\n\n\n\n<div class=\"wp-block-group is-vertical is-content-justification-center is-nowrap is-layout-flex wp-container-core-group-is-layout-21d4e958 wp-block-group-is-layout-flex\">\n<p class=\"has-text-align-center has-small-font-size\"><strong>Laurent Vettorel<\/strong><\/p>\n\n\n\n<p class=\"has-text-align-center has-small-font-size\">Repr\u00e9sentant de l&rsquo;association Patxoki<\/p>\n<\/div>\n<\/div>\n<\/div>\n<\/div>\n\n\n\n<p><strong>Les membres du Coll\u00e8ge des alli\u00e9s :&nbsp;<\/strong><\/p>\n\n\n\n<div class=\"wp-block-group alignfull portraits has-global-padding is-layout-constrained wp-container-core-group-is-layout-2bf434fa wp-block-group-is-layout-constrained\" style=\"margin-top:0;margin-bottom:0;padding-top:var(--wp--preset--spacing--30);padding-right:var(--wp--preset--spacing--40);padding-bottom:var(--wp--preset--spacing--30);padding-left:var(--wp--preset--spacing--40)\">\n<div class=\"wp-block-columns alignwide is-layout-flex wp-container-core-columns-is-layout-da4bf79d wp-block-columns-is-layout-flex\" style=\"padding-right:0;padding-left:0\">\n<div class=\"wp-block-column is-layout-flow wp-block-column-is-layout-flow\">\n<figure class=\"wp-block-image aligncenter size-full is-style-rounded is-style-rounded--14\"><img loading=\"lazy\" decoding=\"async\" width=\"1276\" height=\"1580\" src=\"http:\/\/eraiki-funtsa.eus\/wp-content\/uploads\/2024\/11\/Iker-ELOSEGI.jpg\" alt=\"\" class=\"wp-image-264\" style=\"aspect-ratio:1;object-fit:cover\" srcset=\"https:\/\/eraiki-funtsa.eus\/wp-content\/uploads\/2024\/11\/Iker-ELOSEGI.jpg 1276w, https:\/\/eraiki-funtsa.eus\/wp-content\/uploads\/2024\/11\/Iker-ELOSEGI-242x300.jpg 242w, https:\/\/eraiki-funtsa.eus\/wp-content\/uploads\/2024\/11\/Iker-ELOSEGI-827x1024.jpg 827w, https:\/\/eraiki-funtsa.eus\/wp-content\/uploads\/2024\/11\/Iker-ELOSEGI-768x951.jpg 768w, https:\/\/eraiki-funtsa.eus\/wp-content\/uploads\/2024\/11\/Iker-ELOSEGI-1240x1536.jpg 1240w\" sizes=\"auto, (max-width: 1276px) 100vw, 1276px\" \/><\/figure>\n\n\n\n<div class=\"wp-block-group is-vertical is-content-justification-center is-nowrap is-layout-flex wp-container-core-group-is-layout-21d4e958 wp-block-group-is-layout-flex\">\n<p class=\"has-text-align-center has-small-font-size\"><strong>Iker Elosegi<\/strong><\/p>\n\n\n\n<p class=\"has-text-align-center has-small-font-size\">Repr\u00e9sentant de Euskal Herriko Laborantza Ganbara<\/p>\n<\/div>\n<\/div>\n\n\n\n<div class=\"wp-block-column is-layout-flow wp-block-column-is-layout-flow\">\n<figure class=\"wp-block-image aligncenter size-full is-style-rounded is-style-rounded--15\"><img loading=\"lazy\" decoding=\"async\" width=\"300\" height=\"474\" src=\"http:\/\/eraiki-funtsa.eus\/wp-content\/uploads\/2024\/12\/Mendi-ESTEBAN3.jpg\" alt=\"\" class=\"wp-image-462\" style=\"aspect-ratio:1;object-fit:cover\" srcset=\"https:\/\/eraiki-funtsa.eus\/wp-content\/uploads\/2024\/12\/Mendi-ESTEBAN3.jpg 300w, https:\/\/eraiki-funtsa.eus\/wp-content\/uploads\/2024\/12\/Mendi-ESTEBAN3-190x300.jpg 190w\" sizes=\"auto, (max-width: 300px) 100vw, 300px\" \/><\/figure>\n\n\n\n<div class=\"wp-block-group is-vertical is-content-justification-center is-nowrap is-layout-flex wp-container-core-group-is-layout-63bfd6c1 wp-block-group-is-layout-flex\">\n<p class=\"has-text-align-center has-small-font-size\"><strong>Mendi Esteban<\/strong><\/p>\n\n\n\n<p class=\"has-text-align-center has-small-font-size\">Repr\u00e9sentante de Euskal Moneta<\/p>\n<\/div>\n<\/div>\n\n\n\n<div class=\"wp-block-column is-layout-flow wp-block-column-is-layout-flow\">\n<figure class=\"wp-block-image aligncenter size-full is-style-rounded is-style-rounded--16\"><img loading=\"lazy\" decoding=\"async\" width=\"746\" height=\"960\" src=\"http:\/\/eraiki-funtsa.eus\/wp-content\/uploads\/2024\/12\/Roger-HARGUINDEGUY.jpg\" alt=\"\" class=\"wp-image-414\" style=\"aspect-ratio:1;object-fit:cover\" srcset=\"https:\/\/eraiki-funtsa.eus\/wp-content\/uploads\/2024\/12\/Roger-HARGUINDEGUY.jpg 746w, https:\/\/eraiki-funtsa.eus\/wp-content\/uploads\/2024\/12\/Roger-HARGUINDEGUY-233x300.jpg 233w\" sizes=\"auto, (max-width: 746px) 100vw, 746px\" \/><\/figure>\n\n\n\n<div class=\"wp-block-group is-vertical is-content-justification-center is-nowrap is-layout-flex wp-container-core-group-is-layout-63bfd6c1 wp-block-group-is-layout-flex\">\n<p class=\"has-text-align-center has-small-font-size\"><strong>Roger Harguindeguy<\/strong><\/p>\n\n\n\n<p class=\"has-text-align-center has-small-font-size\">Repr\u00e9sentant de Euskal Moneta<\/p>\n<\/div>\n<\/div>\n\n\n\n<div class=\"wp-block-column is-layout-flow wp-block-column-is-layout-flow\">\n<figure class=\"wp-block-image aligncenter size-full is-style-rounded is-style-rounded--17\"><img loading=\"lazy\" decoding=\"async\" width=\"1440\" height=\"2560\" src=\"http:\/\/eraiki-funtsa.eus\/wp-content\/uploads\/2024\/12\/Amaia-MUNOA-scaled.jpg\" alt=\"\" class=\"wp-image-400\" style=\"aspect-ratio:1;object-fit:cover\" srcset=\"https:\/\/eraiki-funtsa.eus\/wp-content\/uploads\/2024\/12\/Amaia-MUNOA-scaled.jpg 1440w, https:\/\/eraiki-funtsa.eus\/wp-content\/uploads\/2024\/12\/Amaia-MUNOA-169x300.jpg 169w, https:\/\/eraiki-funtsa.eus\/wp-content\/uploads\/2024\/12\/Amaia-MUNOA-576x1024.jpg 576w, https:\/\/eraiki-funtsa.eus\/wp-content\/uploads\/2024\/12\/Amaia-MUNOA-768x1365.jpg 768w, https:\/\/eraiki-funtsa.eus\/wp-content\/uploads\/2024\/12\/Amaia-MUNOA-864x1536.jpg 864w, https:\/\/eraiki-funtsa.eus\/wp-content\/uploads\/2024\/12\/Amaia-MUNOA-1152x2048.jpg 1152w\" sizes=\"auto, (max-width: 1440px) 100vw, 1440px\" \/><\/figure>\n\n\n\n<div class=\"wp-block-group is-vertical is-content-justification-center is-nowrap is-layout-flex wp-container-core-group-is-layout-63bfd6c1 wp-block-group-is-layout-flex\">\n<p class=\"has-text-align-center has-small-font-size\"><strong><strong>Amaia Mu\u00f1oa<\/strong><\/strong><\/p>\n\n\n\n<p class=\"has-text-align-center has-small-font-size\">Repr\u00e9sentante du syndicat ELA<\/p>\n<\/div>\n<\/div>\n<\/div>\n\n\n\n<div class=\"wp-block-columns alignwide is-layout-flex wp-container-core-columns-is-layout-da4bf79d wp-block-columns-is-layout-flex\" style=\"padding-right:0;padding-left:0\">\n<div class=\"wp-block-column is-layout-flow wp-block-column-is-layout-flow\"><\/div>\n\n\n\n<div class=\"wp-block-column is-layout-flow wp-block-column-is-layout-flow\">\n<figure class=\"wp-block-image aligncenter size-full is-style-rounded is-style-rounded--18\"><img loading=\"lazy\" decoding=\"async\" width=\"1882\" height=\"2560\" src=\"http:\/\/eraiki-funtsa.eus\/wp-content\/uploads\/2024\/11\/Unai-ONEDERRA-scaled.jpg\" alt=\"\" class=\"wp-image-298\" style=\"aspect-ratio:1;object-fit:cover\" srcset=\"https:\/\/eraiki-funtsa.eus\/wp-content\/uploads\/2024\/11\/Unai-ONEDERRA-scaled.jpg 1882w, https:\/\/eraiki-funtsa.eus\/wp-content\/uploads\/2024\/11\/Unai-ONEDERRA-221x300.jpg 221w, https:\/\/eraiki-funtsa.eus\/wp-content\/uploads\/2024\/11\/Unai-ONEDERRA-753x1024.jpg 753w, https:\/\/eraiki-funtsa.eus\/wp-content\/uploads\/2024\/11\/Unai-ONEDERRA-768x1045.jpg 768w, https:\/\/eraiki-funtsa.eus\/wp-content\/uploads\/2024\/11\/Unai-ONEDERRA-1129x1536.jpg 1129w, https:\/\/eraiki-funtsa.eus\/wp-content\/uploads\/2024\/11\/Unai-ONEDERRA-1506x2048.jpg 1506w\" sizes=\"auto, (max-width: 1882px) 100vw, 1882px\" \/><\/figure>\n\n\n\n<div class=\"wp-block-group is-vertical is-content-justification-center is-nowrap is-layout-flex wp-container-core-group-is-layout-63bfd6c1 wp-block-group-is-layout-flex\">\n<p class=\"has-text-align-center has-small-font-size\"><strong>Unai O\u00f1ederra<\/strong><\/p>\n\n\n\n<p class=\"has-text-align-center has-small-font-size\">Repr\u00e9sentant du syndicat ELA<\/p>\n<\/div>\n<\/div>\n\n\n\n<div class=\"wp-block-column is-layout-flow wp-block-column-is-layout-flow\">\n<figure class=\"wp-block-image aligncenter size-full is-style-rounded is-style-rounded--19\"><img loading=\"lazy\" decoding=\"async\" width=\"642\" height=\"765\" src=\"http:\/\/eraiki-funtsa.eus\/wp-content\/uploads\/2024\/12\/Agnes-SALLABERRY.jpg\" alt=\"\" class=\"wp-image-398\" style=\"aspect-ratio:1;object-fit:cover\" srcset=\"https:\/\/eraiki-funtsa.eus\/wp-content\/uploads\/2024\/12\/Agnes-SALLABERRY.jpg 642w, https:\/\/eraiki-funtsa.eus\/wp-content\/uploads\/2024\/12\/Agnes-SALLABERRY-252x300.jpg 252w\" sizes=\"auto, (max-width: 642px) 100vw, 642px\" \/><\/figure>\n\n\n\n<div class=\"wp-block-group is-vertical is-content-justification-center is-nowrap is-layout-flex wp-container-core-group-is-layout-63bfd6c1 wp-block-group-is-layout-flex\">\n<p class=\"has-text-align-center has-small-font-size\"><strong><strong>Agn\u00e8s Sallaberry<\/strong><\/strong><\/p>\n\n\n\n<p class=\"has-text-align-center has-small-font-size\">Repr\u00e9sentante de Euskal Herriko Laborantza Ganbara<\/p>\n<\/div>\n<\/div>\n\n\n\n<div class=\"wp-block-column is-layout-flow wp-block-column-is-layout-flow\"><\/div>\n<\/div>\n<\/div>\n\n\n\n<p><strong>Les membres du Coll\u00e8ge des Sages<\/strong><\/p>\n\n\n\n<div class=\"wp-block-group alignfull portraits has-global-padding is-layout-constrained wp-container-core-group-is-layout-2bf434fa wp-block-group-is-layout-constrained\" style=\"margin-top:0;margin-bottom:0;padding-top:var(--wp--preset--spacing--30);padding-right:var(--wp--preset--spacing--40);padding-bottom:var(--wp--preset--spacing--30);padding-left:var(--wp--preset--spacing--40)\">\n<div class=\"wp-block-columns alignwide is-layout-flex wp-container-core-columns-is-layout-da4bf79d wp-block-columns-is-layout-flex\" style=\"padding-right:0;padding-left:0\">\n<div class=\"wp-block-column is-layout-flow wp-block-column-is-layout-flow\">\n<figure class=\"wp-block-image aligncenter size-full is-style-rounded is-style-rounded--20\"><img loading=\"lazy\" decoding=\"async\" width=\"853\" height=\"1280\" src=\"http:\/\/eraiki-funtsa.eus\/wp-content\/uploads\/2024\/11\/Juliette-BERGOUIGNAN.jpg\" alt=\"\" class=\"wp-image-282\" style=\"aspect-ratio:1;object-fit:cover\" srcset=\"https:\/\/eraiki-funtsa.eus\/wp-content\/uploads\/2024\/11\/Juliette-BERGOUIGNAN.jpg 853w, https:\/\/eraiki-funtsa.eus\/wp-content\/uploads\/2024\/11\/Juliette-BERGOUIGNAN-200x300.jpg 200w, https:\/\/eraiki-funtsa.eus\/wp-content\/uploads\/2024\/11\/Juliette-BERGOUIGNAN-682x1024.jpg 682w, https:\/\/eraiki-funtsa.eus\/wp-content\/uploads\/2024\/11\/Juliette-BERGOUIGNAN-768x1152.jpg 768w\" sizes=\"auto, (max-width: 853px) 100vw, 853px\" \/><\/figure>\n\n\n\n<div class=\"wp-block-group is-vertical is-content-justification-center is-nowrap is-layout-flex wp-container-core-group-is-layout-21d4e958 wp-block-group-is-layout-flex\">\n<p class=\"has-text-align-center has-small-font-size\"><strong><strong>Juliette Bergouignan<\/strong><\/strong><\/p>\n<\/div>\n<\/div>\n\n\n\n<div class=\"wp-block-column is-layout-flow wp-block-column-is-layout-flow\">\n<figure class=\"wp-block-image aligncenter size-full is-style-rounded is-style-rounded--21\"><img loading=\"lazy\" decoding=\"async\" width=\"782\" height=\"532\" src=\"http:\/\/eraiki-funtsa.eus\/wp-content\/uploads\/2024\/11\/Inaki-BERHOCOIGOIN.jpg\" alt=\"\" class=\"wp-image-266\" style=\"aspect-ratio:1;object-fit:cover\" srcset=\"https:\/\/eraiki-funtsa.eus\/wp-content\/uploads\/2024\/11\/Inaki-BERHOCOIGOIN.jpg 782w, https:\/\/eraiki-funtsa.eus\/wp-content\/uploads\/2024\/11\/Inaki-BERHOCOIGOIN-300x204.jpg 300w, https:\/\/eraiki-funtsa.eus\/wp-content\/uploads\/2024\/11\/Inaki-BERHOCOIGOIN-768x522.jpg 768w\" sizes=\"auto, (max-width: 782px) 100vw, 782px\" \/><\/figure>\n\n\n\n<div class=\"wp-block-group is-vertical is-content-justification-center is-nowrap is-layout-flex wp-container-core-group-is-layout-63bfd6c1 wp-block-group-is-layout-flex\">\n<p class=\"has-text-align-center has-small-font-size\"><strong>I\u00f1aki Berhocoirigoin<\/strong><\/p>\n<\/div>\n<\/div>\n\n\n\n<div class=\"wp-block-column is-layout-flow wp-block-column-is-layout-flow\">\n<figure class=\"wp-block-image aligncenter size-full is-style-rounded is-style-rounded--22\"><img loading=\"lazy\" decoding=\"async\" width=\"1280\" height=\"853\" src=\"http:\/\/eraiki-funtsa.eus\/wp-content\/uploads\/2024\/11\/Ainize-BUTRON.jpg\" alt=\"\" class=\"wp-image-230\" style=\"aspect-ratio:1;object-fit:cover\" srcset=\"https:\/\/eraiki-funtsa.eus\/wp-content\/uploads\/2024\/11\/Ainize-BUTRON.jpg 1280w, https:\/\/eraiki-funtsa.eus\/wp-content\/uploads\/2024\/11\/Ainize-BUTRON-300x200.jpg 300w, https:\/\/eraiki-funtsa.eus\/wp-content\/uploads\/2024\/11\/Ainize-BUTRON-1024x682.jpg 1024w, https:\/\/eraiki-funtsa.eus\/wp-content\/uploads\/2024\/11\/Ainize-BUTRON-768x512.jpg 768w\" sizes=\"auto, (max-width: 1280px) 100vw, 1280px\" \/><\/figure>\n\n\n\n<div class=\"wp-block-group is-vertical is-content-justification-center is-nowrap is-layout-flex wp-container-core-group-is-layout-63bfd6c1 wp-block-group-is-layout-flex\">\n<p class=\"has-text-align-center has-small-font-size\"><strong>Ainize Butron<\/strong><\/p>\n<\/div>\n<\/div>\n\n\n\n<div class=\"wp-block-column is-layout-flow wp-block-column-is-layout-flow\">\n<figure class=\"wp-block-image aligncenter size-full is-style-rounded is-style-rounded--23\"><img loading=\"lazy\" decoding=\"async\" width=\"856\" height=\"1280\" src=\"http:\/\/eraiki-funtsa.eus\/wp-content\/uploads\/2024\/11\/Jean-Louis-DAVANT.jpg\" alt=\"\" class=\"wp-image-272\" style=\"aspect-ratio:1;object-fit:cover\" srcset=\"https:\/\/eraiki-funtsa.eus\/wp-content\/uploads\/2024\/11\/Jean-Louis-DAVANT.jpg 856w, https:\/\/eraiki-funtsa.eus\/wp-content\/uploads\/2024\/11\/Jean-Louis-DAVANT-201x300.jpg 201w, https:\/\/eraiki-funtsa.eus\/wp-content\/uploads\/2024\/11\/Jean-Louis-DAVANT-685x1024.jpg 685w, https:\/\/eraiki-funtsa.eus\/wp-content\/uploads\/2024\/11\/Jean-Louis-DAVANT-768x1148.jpg 768w\" sizes=\"auto, (max-width: 856px) 100vw, 856px\" \/><\/figure>\n\n\n\n<div class=\"wp-block-group is-vertical is-content-justification-center is-nowrap is-layout-flex wp-container-core-group-is-layout-21d4e958 wp-block-group-is-layout-flex\">\n<p class=\"has-text-align-center has-small-font-size\"><strong>Jean-Louis Davant<\/strong><\/p>\n<\/div>\n<\/div>\n<\/div>\n\n\n\n<div class=\"wp-block-columns alignwide is-layout-flex wp-container-core-columns-is-layout-da4bf79d wp-block-columns-is-layout-flex\" style=\"padding-right:0;padding-left:0\">\n<div class=\"wp-block-column is-layout-flow wp-block-column-is-layout-flow\" style=\"--col-width:12.5%;flex-basis:12.5%\"><\/div>\n\n\n\n<div class=\"wp-block-column is-layout-flow wp-block-column-is-layout-flow\" style=\"--col-width:25%;flex-basis:25%\">\n<figure class=\"wp-block-image aligncenter size-full is-style-rounded is-style-rounded--24\"><img loading=\"lazy\" decoding=\"async\" width=\"378\" height=\"415\" src=\"http:\/\/eraiki-funtsa.eus\/wp-content\/uploads\/2024\/12\/Jean-Daniel-ELICHIRY.jpg\" alt=\"\" class=\"wp-image-404\" style=\"aspect-ratio:1;object-fit:cover\" srcset=\"https:\/\/eraiki-funtsa.eus\/wp-content\/uploads\/2024\/12\/Jean-Daniel-ELICHIRY.jpg 378w, https:\/\/eraiki-funtsa.eus\/wp-content\/uploads\/2024\/12\/Jean-Daniel-ELICHIRY-273x300.jpg 273w\" sizes=\"auto, (max-width: 378px) 100vw, 378px\" \/><\/figure>\n\n\n\n<div class=\"wp-block-group is-vertical is-content-justification-center is-nowrap is-layout-flex wp-container-core-group-is-layout-21d4e958 wp-block-group-is-layout-flex\">\n<p class=\"has-text-align-center has-small-font-size\"><strong>Jean-Daniel Elichiry<\/strong><\/p>\n<\/div>\n<\/div>\n\n\n\n<div class=\"wp-block-column is-layout-flow wp-block-column-is-layout-flow\" style=\"--col-width:25%;flex-basis:25%\">\n<figure class=\"wp-block-image aligncenter size-full is-style-rounded is-style-rounded--25\"><img loading=\"lazy\" decoding=\"async\" width=\"2560\" height=\"1700\" src=\"http:\/\/eraiki-funtsa.eus\/wp-content\/uploads\/2024\/11\/Txetx-ETCHEVERRY-scaled.jpg\" alt=\"\" class=\"wp-image-294\" style=\"aspect-ratio:1;object-fit:cover\" srcset=\"https:\/\/eraiki-funtsa.eus\/wp-content\/uploads\/2024\/11\/Txetx-ETCHEVERRY-scaled.jpg 2560w, https:\/\/eraiki-funtsa.eus\/wp-content\/uploads\/2024\/11\/Txetx-ETCHEVERRY-300x199.jpg 300w\" sizes=\"auto, (max-width: 2560px) 100vw, 2560px\" \/><\/figure>\n\n\n\n<div class=\"wp-block-group is-vertical is-content-justification-center is-nowrap is-layout-flex wp-container-core-group-is-layout-63bfd6c1 wp-block-group-is-layout-flex\">\n<p class=\"has-text-align-center has-small-font-size\"><strong>Jean-No\u00ebl \u00ab\u00a0Txetx\u00a0\u00bb Etcheverry<\/strong><\/p>\n<\/div>\n<\/div>\n\n\n\n<div class=\"wp-block-column is-layout-flow wp-block-column-is-layout-flow\" style=\"--col-width:25%;flex-basis:25%\">\n<figure class=\"wp-block-image aligncenter size-full is-style-rounded is-style-rounded--26\"><img loading=\"lazy\" decoding=\"async\" width=\"304\" height=\"377\" src=\"http:\/\/eraiki-funtsa.eus\/wp-content\/uploads\/2024\/11\/Ana-Mari-GRENIE.jpg\" alt=\"\" class=\"wp-image-232\" style=\"aspect-ratio:1;object-fit:cover\" srcset=\"https:\/\/eraiki-funtsa.eus\/wp-content\/uploads\/2024\/11\/Ana-Mari-GRENIE.jpg 304w, https:\/\/eraiki-funtsa.eus\/wp-content\/uploads\/2024\/11\/Ana-Mari-GRENIE-242x300.jpg 242w\" sizes=\"auto, (max-width: 304px) 100vw, 304px\" \/><\/figure>\n\n\n\n<div class=\"wp-block-group is-vertical is-content-justification-center is-nowrap is-layout-flex wp-container-core-group-is-layout-63bfd6c1 wp-block-group-is-layout-flex\">\n<p class=\"has-text-align-center has-small-font-size\"><strong>A\u00f1a-Marie Greni\u00e9<\/strong><\/p>\n<\/div>\n<\/div>\n\n\n\n<div class=\"wp-block-column is-layout-flow wp-block-column-is-layout-flow\" style=\"--col-width:12.5%;flex-basis:12.5%\"><\/div>\n<\/div>\n<\/div>\n\n\n\n<p><strong>Les membres du Comit\u00e9 consultatif<\/strong><\/p>\n\n\n\n<div class=\"wp-block-group alignfull portraits is-vertical is-content-justification-center is-layout-flex wp-container-core-group-is-layout-382232d5 wp-block-group-is-layout-flex\" style=\"margin-top:0;margin-bottom:0;padding-top:var(--wp--preset--spacing--30);padding-right:var(--wp--preset--spacing--40);padding-bottom:var(--wp--preset--spacing--30);padding-left:var(--wp--preset--spacing--40)\">\n<div class=\"wp-block-columns alignwide is-layout-flex wp-container-core-columns-is-layout-da4bf79d wp-block-columns-is-layout-flex\" style=\"padding-right:0;padding-left:0\">\n<div class=\"wp-block-column is-layout-flow wp-block-column-is-layout-flow\">\n<figure class=\"wp-block-image aligncenter size-full is-style-rounded is-style-rounded--27\"><img loading=\"lazy\" decoding=\"async\" width=\"412\" height=\"525\" src=\"http:\/\/eraiki-funtsa.eus\/wp-content\/uploads\/2024\/11\/Henri-AZCUE.jpg\" alt=\"\" class=\"wp-image-260\" style=\"aspect-ratio:1;object-fit:cover\" srcset=\"https:\/\/eraiki-funtsa.eus\/wp-content\/uploads\/2024\/11\/Henri-AZCUE.jpg 412w, https:\/\/eraiki-funtsa.eus\/wp-content\/uploads\/2024\/11\/Henri-AZCUE-235x300.jpg 235w\" sizes=\"auto, (max-width: 412px) 100vw, 412px\" \/><\/figure>\n\n\n\n<div class=\"wp-block-group is-vertical is-content-justification-center is-nowrap is-layout-flex wp-container-core-group-is-layout-21d4e958 wp-block-group-is-layout-flex\">\n<p class=\"has-text-align-center has-small-font-size\"><strong>Henri Azcue<\/strong><\/p>\n\n\n\n<p class=\"has-text-align-center has-small-font-size\">G\u00e9rant de soci\u00e9t\u00e9 coop\u00e9rative<\/p>\n<\/div>\n<\/div>\n\n\n\n<div class=\"wp-block-column is-layout-flow wp-block-column-is-layout-flow\">\n<figure class=\"wp-block-image aligncenter size-full is-style-rounded is-style-rounded--28\"><img loading=\"lazy\" decoding=\"async\" width=\"914\" height=\"880\" src=\"http:\/\/eraiki-funtsa.eus\/wp-content\/uploads\/2024\/11\/Jacques-ECHANIZ-1.jpg\" alt=\"\" class=\"wp-image-314\" style=\"aspect-ratio:1;object-fit:cover\" srcset=\"https:\/\/eraiki-funtsa.eus\/wp-content\/uploads\/2024\/11\/Jacques-ECHANIZ-1.jpg 914w, https:\/\/eraiki-funtsa.eus\/wp-content\/uploads\/2024\/11\/Jacques-ECHANIZ-1-300x289.jpg 300w, https:\/\/eraiki-funtsa.eus\/wp-content\/uploads\/2024\/11\/Jacques-ECHANIZ-1-768x739.jpg 768w\" sizes=\"auto, (max-width: 914px) 100vw, 914px\" \/><\/figure>\n\n\n\n<div class=\"wp-block-group is-vertical is-content-justification-center is-nowrap is-layout-flex wp-container-core-group-is-layout-63bfd6c1 wp-block-group-is-layout-flex\">\n<p class=\"has-text-align-center has-small-font-size\"><strong>Jacques Echaniz<\/strong><\/p>\n\n\n\n<p class=\"has-text-align-center has-small-font-size\">Ancien directeur des strat\u00e9gies patrimoniales chez Domofrance<\/p>\n<\/div>\n<\/div>\n\n\n\n<div class=\"wp-block-column is-layout-flow wp-block-column-is-layout-flow\">\n<figure class=\"wp-block-image aligncenter size-full is-style-rounded is-style-rounded--29\"><img loading=\"lazy\" decoding=\"async\" width=\"960\" height=\"1280\" src=\"http:\/\/eraiki-funtsa.eus\/wp-content\/uploads\/2024\/11\/Jean-Michel-GOROSTIAGUE.jpg\" alt=\"\" class=\"wp-image-274\" style=\"aspect-ratio:1;object-fit:cover\" srcset=\"https:\/\/eraiki-funtsa.eus\/wp-content\/uploads\/2024\/11\/Jean-Michel-GOROSTIAGUE.jpg 960w, https:\/\/eraiki-funtsa.eus\/wp-content\/uploads\/2024\/11\/Jean-Michel-GOROSTIAGUE-225x300.jpg 225w, https:\/\/eraiki-funtsa.eus\/wp-content\/uploads\/2024\/11\/Jean-Michel-GOROSTIAGUE-768x1024.jpg 768w\" sizes=\"auto, (max-width: 960px) 100vw, 960px\" \/><\/figure>\n\n\n\n<div class=\"wp-block-group is-vertical is-content-justification-center is-nowrap is-layout-flex wp-container-core-group-is-layout-63bfd6c1 wp-block-group-is-layout-flex\">\n<p class=\"has-text-align-center has-small-font-size\"><strong>Jean-Michel Gorostiague<\/strong><\/p>\n\n\n\n<p class=\"has-text-align-center has-small-font-size\">Comptable \u00e0 la retraite<\/p>\n<\/div>\n<\/div>\n\n\n\n<div class=\"wp-block-column is-layout-flow wp-block-column-is-layout-flow\">\n<figure class=\"wp-block-image aligncenter size-full is-style-rounded is-style-rounded--30\"><img loading=\"lazy\" decoding=\"async\" width=\"2000\" height=\"2000\" src=\"http:\/\/eraiki-funtsa.eus\/wp-content\/uploads\/2024\/12\/Adrien-ROUSSEL.jpg\" alt=\"\" class=\"wp-image-450\" style=\"aspect-ratio:1;object-fit:cover\" srcset=\"https:\/\/eraiki-funtsa.eus\/wp-content\/uploads\/2024\/12\/Adrien-ROUSSEL.jpg 2000w, https:\/\/eraiki-funtsa.eus\/wp-content\/uploads\/2024\/12\/Adrien-ROUSSEL-300x300.jpg 300w, https:\/\/eraiki-funtsa.eus\/wp-content\/uploads\/2024\/12\/Adrien-ROUSSEL-1024x1024.jpg 1024w, https:\/\/eraiki-funtsa.eus\/wp-content\/uploads\/2024\/12\/Adrien-ROUSSEL-150x150.jpg 150w, https:\/\/eraiki-funtsa.eus\/wp-content\/uploads\/2024\/12\/Adrien-ROUSSEL-768x768.jpg 768w, https:\/\/eraiki-funtsa.eus\/wp-content\/uploads\/2024\/12\/Adrien-ROUSSEL-1536x1536.jpg 1536w\" sizes=\"auto, (max-width: 2000px) 100vw, 2000px\" \/><\/figure>\n\n\n\n<div class=\"wp-block-group is-vertical is-content-justification-center is-nowrap is-layout-flex wp-container-core-group-is-layout-21d4e958 wp-block-group-is-layout-flex\">\n<p class=\"has-text-align-center has-small-font-size\"><strong><strong>Adrien <\/strong>Roussel-Jourde<\/strong><\/p>\n\n\n\n<p class=\"has-text-align-center has-small-font-size\">Notaire engag\u00e9 pour des fonciers solidaires et durables<\/p>\n<\/div>\n<\/div>\n<\/div>\n\n\n\n<div class=\"wp-block-columns alignwide is-layout-flex wp-container-core-columns-is-layout-b2d13e9c wp-block-columns-is-layout-flex\" style=\"padding-right:37.5%;padding-left:37.5%\">\n<div class=\"wp-block-column is-layout-flow wp-block-column-is-layout-flow\" style=\"--col-width:;padding-right:6%;padding-left:6%\">\n<figure class=\"wp-block-image aligncenter size-full is-style-rounded is-style-rounded--31\"><img loading=\"lazy\" decoding=\"async\" width=\"1070\" height=\"1376\" src=\"http:\/\/eraiki-funtsa.eus\/wp-content\/uploads\/2024\/12\/Marie-Claire-SALLABERRY.jpg\" alt=\"\" class=\"wp-image-412\" style=\"aspect-ratio:1;object-fit:cover\" srcset=\"https:\/\/eraiki-funtsa.eus\/wp-content\/uploads\/2024\/12\/Marie-Claire-SALLABERRY.jpg 1070w, https:\/\/eraiki-funtsa.eus\/wp-content\/uploads\/2024\/12\/Marie-Claire-SALLABERRY-233x300.jpg 233w, https:\/\/eraiki-funtsa.eus\/wp-content\/uploads\/2024\/12\/Marie-Claire-SALLABERRY-796x1024.jpg 796w, https:\/\/eraiki-funtsa.eus\/wp-content\/uploads\/2024\/12\/Marie-Claire-SALLABERRY-768x988.jpg 768w\" sizes=\"auto, (max-width: 1070px) 100vw, 1070px\" \/><\/figure>\n\n\n\n<div class=\"wp-block-group is-vertical is-content-justification-center is-nowrap is-layout-flex wp-container-core-group-is-layout-21d4e958 wp-block-group-is-layout-flex\">\n<p class=\"has-text-align-center has-small-font-size\"><strong><strong>Marie-Claire Sallaberry<\/strong><\/strong><\/p>\n\n\n\n<p class=\"has-text-align-center has-small-font-size\">Ancienne g\u00e9rante de Herrikoa,&nbsp; soci\u00e9t\u00e9 de capital-investissement solidaire de proximit\u00e9<\/p>\n<\/div>\n<\/div>\n<\/div>\n<\/div>\n\n\n\n<div class=\"wp-block-cover alignfull is-light has-parallax\" style=\"padding-top:var(--wp--preset--spacing--50);padding-right:var(--wp--preset--spacing--50);padding-bottom:var(--wp--preset--spacing--50);padding-left:var(--wp--preset--spacing--50);min-height:100vh;aspect-ratio:unset;\"><div class=\"wp-block-cover__image-background wp-image-250 has-parallax\" style=\"background-position:50% 50%;background-image:url(http:\/\/eraiki-funtsa.eus\/wp-content\/uploads\/2024\/11\/AG-Eraiki-Leku-Eder-2-scaled.jpg)\"><\/div><span aria-hidden=\"true\" class=\"wp-block-cover__background has-base-background-color has-background-dim-0 has-background-dim\"><\/span><div class=\"wp-block-cover__inner-container has-global-padding is-layout-constrained wp-container-core-cover-is-layout-e4fd886c wp-block-cover-is-layout-constrained\">\n<div class=\"wp-block-group has-global-padding is-layout-constrained wp-block-group-is-layout-constrained\">\n<div class=\"wp-block-group has-global-padding is-layout-constrained wp-block-group-is-layout-constrained\">\n<div style=\"height:540px\" aria-hidden=\"true\" class=\"wp-block-spacer\"><\/div>\n<\/div>\n<\/div>\n<\/div><\/div>\n\n\n\n<div class=\"wp-block-group alignfull has-global-padding is-layout-constrained wp-container-core-group-is-layout-d89aad35 wp-block-group-is-layout-constrained tw-block-animation tw-animation-fade-in\" style=\"margin-top:0;margin-bottom:0;padding-top:var(--wp--preset--spacing--50);padding-right:var(--wp--preset--spacing--50);padding-bottom:var(--wp--preset--spacing--50);padding-left:var(--wp--preset--spacing--50)\">\n<div class=\"wp-block-columns alignwide are-vertically-aligned-center is-layout-flex wp-container-core-columns-is-layout-e2c3cc00 wp-block-columns-is-layout-flex\">\n<div class=\"wp-block-column is-vertically-aligned-center is-layout-flow wp-block-column-is-layout-flow\" style=\"--col-width:50%;flex-basis:50%\">\n<figure class=\"wp-block-image aligncenter size-full is-resized is-style-rounded is-style-rounded--32\"><img loading=\"lazy\" decoding=\"async\" width=\"1417\" height=\"1417\" src=\"http:\/\/eraiki-funtsa.eus\/wp-content\/uploads\/2024\/12\/documents-utiles-eraiki.png\" alt=\"\" class=\"wp-image-583\" style=\"aspect-ratio:1.3333333333333333;object-fit:cover;width:316px;height:auto\" srcset=\"https:\/\/eraiki-funtsa.eus\/wp-content\/uploads\/2024\/12\/documents-utiles-eraiki.png 1417w, https:\/\/eraiki-funtsa.eus\/wp-content\/uploads\/2024\/12\/documents-utiles-eraiki-300x300.png 300w, https:\/\/eraiki-funtsa.eus\/wp-content\/uploads\/2024\/12\/documents-utiles-eraiki-1024x1024.png 1024w, https:\/\/eraiki-funtsa.eus\/wp-content\/uploads\/2024\/12\/documents-utiles-eraiki-150x150.png 150w, https:\/\/eraiki-funtsa.eus\/wp-content\/uploads\/2024\/12\/documents-utiles-eraiki-768x768.png 768w\" sizes=\"auto, (max-width: 1417px) 100vw, 1417px\" \/><\/figure>\n<\/div>\n\n\n\n<div class=\"wp-block-column is-vertically-aligned-center is-layout-flow wp-block-column-is-layout-flow\" style=\"--col-width:50%;flex-basis:50%\">\n<h2 class=\"wp-block-heading\">Les documents utiles <\/h2>\n\n\n\n<ul style=\"line-height:1.75\" class=\"wp-block-list is-style-checkmark-list\">\n<li>Les statuts du Fonds de dotation Eraiki<\/li>\n\n\n\n<li>Le r\u00e8glement int\u00e9rieur Eraiki<\/li>\n<\/ul>\n\n\n\n<div class=\"wp-block-buttons is-layout-flex wp-block-buttons-is-layout-flex\">\n<div class=\"wp-block-button\"><a class=\"wp-block-button__link wp-element-button\" href=\"http:\/\/eraiki-funtsa.eus\/wp-content\/uploads\/2024\/12\/ERAIKI-Statuts-2023-07-21.pdf\" target=\"_blank\" rel=\"noreferrer noopener\">T\u00e9l\u00e9chargez les statuts<\/a><\/div>\n\n\n\n<div class=\"wp-block-button is-style-outline is-style-outline--33\"><a class=\"wp-block-button__link wp-element-button\" href=\"http:\/\/eraiki-funtsa.eus\/wp-content\/uploads\/2024\/12\/ERAIKI-Reglement-interieur-2024-07-05-W-Signature.pdf\" target=\"_blank\" rel=\"noreferrer noopener\">T\u00e9l\u00e9chargez le r\u00e8glement int\u00e9rieur<\/a><\/div>\n<\/div>\n<\/div>\n<\/div>\n<\/div>\n\n\n\n<p><\/p>\n","protected":false},"excerpt":{"rendered":"<p>\u201cLe fonds de dotation Eraiki travaille \u00e0 la construction d\u2019un Pays Basque ma\u00eetre de son pr\u00e9sent et de son avenir, plus libre, soutenable et solidaire ; riche d\u2019une langue, culture et identit\u00e9 \u00e9panouies, ouvertes et accueillantes. Il a pour objet de contribuer ainsi \u00e0 la diversit\u00e9 et la r\u00e9silience du monde pour mieux relever les [&hellip;]<\/p>\n","protected":false},"author":2,"featured_media":0,"parent":0,"menu_order":0,"comment_status":"closed","ping_status":"closed","template":"","meta":{"_monsterinsights_skip_tracking":false,"_monsterinsights_sitenote_active":false,"_monsterinsights_sitenote_note":"","_monsterinsights_sitenote_category":0,"footnotes":""},"class_list":["post-209","page","type-page","status-publish","hentry"],"pbg_featured_image_src":{"full":false,"thumbnail":false,"medium":false,"medium_large":false,"large":false,"1536x1536":false,"2048x2048":false},"pbg_author_info":{"display_name":"yannick","author_link":"https:\/\/eraiki-funtsa.eus\/fr\/author\/yannick\/","author_img":"<img alt='yannick' src='https:\/\/secure.gravatar.com\/avatar\/a0f96dacd906b69a07bbfb9bf246329608c8c8237d23b6fcc4e5d67532ab061b?s=128&#038;d=mm&#038;r=g' srcset='https:\/\/secure.gravatar.com\/avatar\/a0f96dacd906b69a07bbfb9bf246329608c8c8237d23b6fcc4e5d67532ab061b?s=256&#038;d=mm&#038;r=g 2x' class='avatar avatar-128 photo' height='128' width='128' loading='lazy' decoding='async'\/>"},"pbg_comment_info":" No Comments","pbg_excerpt":"\u201cLe fonds de dotation Eraiki travaille \u00e0 la construction d\u2019un Pays Basque ma\u00eetre de son pr\u00e9sent et de son avenir, plus libre, soutenable et solidaire ; riche d\u2019une langue, culture et identit\u00e9 \u00e9panouies, ouvertes et accueillantes. Il a pour objet de contribuer ainsi \u00e0 la diversit\u00e9 et la r\u00e9silience du monde pour mieux relever les\u2026","_links":{"self":[{"href":"https:\/\/eraiki-funtsa.eus\/fr\/wp-json\/wp\/v2\/pages\/209","targetHints":{"allow":["GET"]}}],"collection":[{"href":"https:\/\/eraiki-funtsa.eus\/fr\/wp-json\/wp\/v2\/pages"}],"about":[{"href":"https:\/\/eraiki-funtsa.eus\/fr\/wp-json\/wp\/v2\/types\/page"}],"author":[{"embeddable":true,"href":"https:\/\/eraiki-funtsa.eus\/fr\/wp-json\/wp\/v2\/users\/2"}],"replies":[{"embeddable":true,"href":"https:\/\/eraiki-funtsa.eus\/fr\/wp-json\/wp\/v2\/comments?post=209"}],"version-history":[{"count":79,"href":"https:\/\/eraiki-funtsa.eus\/fr\/wp-json\/wp\/v2\/pages\/209\/revisions"}],"predecessor-version":[{"id":1696,"href":"https:\/\/eraiki-funtsa.eus\/fr\/wp-json\/wp\/v2\/pages\/209\/revisions\/1696"}],"wp:attachment":[{"href":"https:\/\/eraiki-funtsa.eus\/fr\/wp-json\/wp\/v2\/media?parent=209"}],"curies":[{"name":"wp","href":"https:\/\/api.w.org\/{rel}","templated":true}]}}